{"id":237594,"date":"2021-07-26T10:37:45","date_gmt":"2021-07-26T08:37:45","guid":{"rendered":"https:\/\/www.espace43.be\/politique-de-confidentialite\/"},"modified":"2022-09-07T14:01:36","modified_gmt":"2022-09-07T12:01:36","slug":"politique-de-confidentialite","status":"publish","type":"page","link":"https:\/\/www.espace43.be\/nl\/politique-de-confidentialite\/","title":{"rendered":"Respect voor privacy"},"content":{"rendered":"<p>[et_pb_section fb_built=&#8221;1&#8243; custom_padding_last_edited=&#8221;on|phone&#8221; _builder_version=&#8221;4.16&#8243; _module_preset=&#8221;default&#8221; custom_padding=&#8221;120px||10px||false|&#8221; custom_padding_tablet=&#8221;&#8221; custom_padding_phone=&#8221;50px||10px||false|false&#8221; global_colors_info=&#8221;{}&#8221;][et_pb_row _builder_version=&#8221;4.16&#8243; _module_preset=&#8221;default&#8221; global_colors_info=&#8221;{}&#8221;][et_pb_column type=&#8221;4_4&#8243; _builder_version=&#8221;4.16&#8243; _module_preset=&#8221;default&#8221; global_colors_info=&#8221;{}&#8221;][et_pb_text _builder_version=&#8221;4.18.0&#8243; _module_preset=&#8221;default&#8221; header_font=&#8221;Stardos Stencil||||||||&#8221; text_orientation=&#8221;center&#8221; hover_enabled=&#8221;0&#8243; global_colors_info=&#8221;{}&#8221; sticky_enabled=&#8221;0&#8243;]<\/p>\n<h1 class=\"et_pb_module_header et-fb-editable-element et-fb-editable-element__editing\" data-shortcode-id=\"0.0-1627293356275\" data-quickaccess-id=\"title\" contenteditable=\"true\"><span style=\"font-weight: 400;\">Respect voor privacy<\/span><\/h1>\n<p>[\/et_pb_text][\/et_pb_column][\/et_pb_row][et_pb_row admin_label=&#8221;vie priv\u00e9e&#8221; _builder_version=&#8221;4.16&#8243; _module_preset=&#8221;default&#8221; global_colors_info=&#8221;{}&#8221;][et_pb_column type=&#8221;4_4&#8243; _builder_version=&#8221;4.16&#8243; _module_preset=&#8221;default&#8221; global_colors_info=&#8221;{}&#8221;][et_pb_text _builder_version=&#8221;4.18.0&#8243; _module_preset=&#8221;default&#8221; hover_enabled=&#8221;0&#8243; global_colors_info=&#8221;{}&#8221; sticky_enabled=&#8221;0&#8243;]<\/p>\n<p><b>Het bedrijf waarvan de contactgegevens zijn vermeld op de &#8220;contact&#8221; -pagina van de website en de gebruiker die persoonsgegevens aan laatstgenoemde meedeelt, verbinden zich ertoe de geldende regelgeving na te leven die van toepassing is op de verwerking van persoonsgegevens en in het bijzonder de verordening (EU ) 2016\/679 van het Europees Parlement en de Raad van 27\/04\/2016 (AVG).<\/b><\/p>\n<p><span style=\"font-weight: 400;\">Het Bedrijf verzamelt en verwerkt de identiteitsgegevens en contactgegevens die het van de Gebruiker ontvangt, in het bijzonder via het contactformulier op de website en van elke andere nuttige contactpersoon. De doeleinden van deze verwerking zijn het beantwoorden van vragen van de Gebruiker, het uitvoeren van een overeenkomst, het beheer van klanten en hun bestellingen, boekhouding en directe prospectieactiviteiten, zoals het toesturen van promotionele of commerci\u00eble informatie. De rechtsgronden zijn de uitvoering van een contract, de toestemming van de Gebruiker, de naleving van wettelijke en reglementaire verplichtingen en\/of het gerechtvaardigd belang van het Bedrijf.<\/span><\/p>\n<p><span style=\"font-weight: 400;\">De voornoemde persoonsgegevens zullen worden verwerkt in overeenstemming met de bepalingen van de algemene voorschriften inzake gegevensbescherming en zullen, behoudens andere toestemming van de Gebruiker, enkel worden doorgegeven aan onderaannemers, ontvangers en\/of derden voor zover nodig in het kader van het voornoemde doeleinden voor genoemde verwerking.<\/span><\/p>\n<p><span style=\"font-weight: 400;\">De Gebruiker is verantwoordelijk voor de juistheid en actualisering van de persoonsgegevens die hij aan het Bedrijf verstrekt, en verbindt zich ertoe de bepalingen van de algemene gegevensbeschermingsregels strikt na te leven met betrekking tot de personen wiens persoonsgegevens hij heeft doorgegeven, evenals met betrekking tot alle mogelijke persoonsgegevens die zij\/hij van haar eigen klanten kan ontvangen.<\/span><\/p>\n<p><span style=\"font-weight: 400;\">Persoonsgegevens worden bewaard en verwerkt voor een periode die noodzakelijk is, afhankelijk van de doeleinden van de verwerking en de relatie (al dan niet contractueel). Gebruikersgegevens worden in ieder geval uiterlijk 31 december van het zevende jaar volgend op het verzamelen van de gegevens uit onze systemen verwijderd, met uitzondering van persoonsgegevens die wij op grond van specifieke wetgeving langer moeten bewaren of in geval van een lopend geschil waarvoor de persoonsgegevens noodzakelijk zijn.<\/span><\/p>\n<p><b>Door de overeenkomst die hij geeft bij het invoeren of meedelen van zijn persoonlijke gegevens, stemt de gebruiker, naast de hierboven gedefinieerde verwerking, in met het verzamelen en gebruiken van zijn persoonlijke gegevens op de hieronder gedefinieerde manier.<\/b><\/p>\n<p><b>Het bedrijf verzamelt persoonlijke identificatie-informatie (naam, adres, telefoonnummer, e-mailadres, btw-nummer, totaal aantal bezoeken aan de site, aantal bezoekers aan elk van de pagina&#8217;s van de site, domeinnamen van internetproviders van bezoekers , IP-adressen, cookies).<\/b><\/p>\n<p><b>De Gebruiker geeft zijn toestemming voor het gebruik van zijn gegevens voor reclame-, commerci\u00eble of marketingdoeleinden en stemt ermee in om van het Bedrijf informatie te ontvangen op zijn e-mailadres (nieuwsbrief, enz.) of per post.<\/b><\/p>\n<p><b>Recht op inzage:<\/b><span style=\"font-weight: 400;\"> de Gebruiker heeft het recht om op elk moment te vragen of zijn gegevens zijn verzameld, voor hoe lang en met welk doel.<\/span><\/p>\n<p><b>Recht op rectificatie: <\/b><span style=\"font-weight: 400;\">de Gebruiker heeft het recht om te allen tijde op eenvoudig verzoek te verzoeken dat zijn valse of onvolledige gegevens worden verbeterd of aangevuld.<\/span><\/p>\n<p><b>Recht op beperking van de verwerking: <\/b><span style=\"font-weight: 400;\">de Gebruiker kan een beperking van de verwerking van zijn gegevens vragen. Dit betekent dat de betreffende gegevens in ons IT-systeem &#8220;gemarkeerd&#8221; moeten worden en gedurende een bepaalde periode niet meer kunnen worden gebruikt.<\/span><\/p>\n<p><b>Recht op gegevenswissing (&#8216;recht om vergeten te worden&#8217;): <\/b><span style=\"font-weight: 400;\">Behoudens de door de wet voorziene uitzonderingen, heeft de Gebruiker het recht te eisen dat zijn gegevens worden gewist.<\/span><\/p>\n<p><b>Recht op gegevensoverdraagbaarheid:<\/b><span style=\"font-weight: 400;\"> de gebruiker kan verzoeken dat zijn gegevens naar hem worden verzonden in een &#8220;gestructureerd, algemeen gebruikt en machineleesbaar formaat&#8221;.<\/span><\/p>\n<p><b>Klachtrecht: <\/b><span style=\"font-weight: 400;\">De gebruiker kan een klacht indienen bij de gegevensbeschermingsautoriteit.<\/span><\/p>\n<p><span style=\"font-weight: 400;\">Het bedrijf verbindt zich ertoe technische en organisatorische maatregelen te nemen die een adequaat beveiligingsniveau garanderen om de vertrouwelijkheid van gegevens te beschermen. Het Bedrijf stelt de klant op de hoogte van elke inbreuk in verband met persoonsgegevens waarvan het op de hoogte is.<\/span><\/p>\n<p>[\/et_pb_text][\/et_pb_column][\/et_pb_row][et_pb_row admin_label=&#8221;cookies&#8221; module_id=&#8221;cookies&#8221; _builder_version=&#8221;4.16&#8243; _module_preset=&#8221;default&#8221; sticky_limit_bottom=&#8221;section&#8221; global_colors_info=&#8221;{}&#8221;][et_pb_column type=&#8221;4_4&#8243; _builder_version=&#8221;4.16&#8243; _module_preset=&#8221;default&#8221; global_colors_info=&#8221;{}&#8221;][et_pb_text _builder_version=&#8221;4.18.0&#8243; _module_preset=&#8221;default&#8221; hover_enabled=&#8221;0&#8243; global_colors_info=&#8221;{}&#8221; sticky_enabled=&#8221;0&#8243;]<\/p>\n<h3>Cookies<\/h3>\n<p><span style=\"font-weight: 400;\">Een cookie is een klein tekstbestand dat door de server van een website wordt opgeslagen in de browser van uw computer of uw mobiele apparaat wanneer u deze website bezoekt. De cookie bevat een unieke code waarmee uw browser kan worden herkend tijdens uw bezoek aan de website (\u201csession cookie\u201d) of bij toekomstige herhaalde bezoeken (\u201cpermanente cookie\u201d).<\/span><\/p>\n<p><span style=\"font-weight: 400;\">Cookies kunnen worden geplaatst door de server van de website die u bezoekt of door partners waarmee deze website samenwerkt. De server van een website kan alleen de cookies lezen die hij zelf heeft geplaatst; het heeft geen toegang tot andere informatie op uw computer of mobiele apparaat.<\/span><\/p>\n<p><span style=\"font-weight: 400;\">Cookies worden op uw computer of mobiele apparaat opgeslagen in uw browsermap.<\/span><\/p>\n<p><span style=\"font-weight: 400;\">De inhoud van een cookie bestaat doorgaans uit de naam van de server die de cookie heeft geplaatst, een vervaldatum en een unieke versleutelde code. Cookies zorgen over het algemeen voor een eenvoudigere en snellere interactie tussen de bezoeker en de website.<\/span><\/p>\n<p><span style=\"font-weight: 400;\">Daarnaast helpen ze de bezoeker om te navigeren tussen de verschillende onderdelen van de website. Cookies kunnen ook worden gebruikt om de inhoud van een website of de advertenties op deze site relevanter te maken voor de bezoeker en om de website aan te passen aan de persoonlijke smaak en behoeften van de bezoeker.<\/span><\/p>\n<p><span style=\"font-weight: 400;\">Functionele cookies zijn nodig om het bezoek aan de Sites en het gebruik van bepaalde delen ervan mogelijk te maken.<\/span><\/p>\n<p><span style=\"font-weight: 400;\">Met deze cookies kunt u bijvoorbeeld navigeren tussen de verschillende onderdelen van de websites, formulieren invullen, bestellingen plaatsen, een meertalige website raadplegen en de inhoud van uw winkelmandje bijwerken.<\/span><\/p>\n<p><span style=\"font-weight: 400;\">Evenzo, wanneer u toegang wilt tot uw persoonlijke account, bijvoorbeeld in uw administratiegebied of een andere applicatie die aan u beschikbaar is gesteld (bijv. Extranet, webmail, enz.), zijn cookies essentieel om uw identiteit veilig te verifi\u00ebren voordat u toegang geeft tot uw persoonlijke informatie.<\/span><\/p>\n<p><span style=\"font-weight: 400;\">Als u deze cookies weigert, zullen sommige delen van de website niet of niet werken zoals zou moeten.<\/span><\/p>\n<p><span style=\"font-weight: 400;\">De Sites plaatsen een cookie op uw computer met het oog op statistische analyse en meting van het sitebezoek en om de toegang tot de site te vereenvoudigen.<\/span><\/p>\n<p><span style=\"font-weight: 400;\">Deze cookie legt informatie vast met betrekking tot de navigatie van bezoekers op de site.<\/span><\/p>\n<p><span style=\"font-weight: 400;\">Het slaat informatie op die u tijdens uw bezoek hebt ingevoerd, namelijk bepaalde bezoekersinformatie over de bezoeker, zoals de naam van het domein en de hostcomputer van waaruit de bezoeker op internet surft, het Internet Protocol (IP)-adres van de gebruikte computer, de datum en het tijdstip van de navigatie van de bezoeker op de Sites en de URL&#8217;s van waaruit de bezoeker naar de site is gegaan.<\/span><\/p>\n<p>[\/et_pb_text][et_pb_text _builder_version=&#8221;4.18.0&#8243; _module_preset=&#8221;default&#8221; hover_enabled=&#8221;0&#8243; global_colors_info=&#8221;{}&#8221; sticky_enabled=&#8221;0&#8243;]<\/p>\n<p><strong><span style=\"font-weight: 400;\">U bent te allen tijde vrij om uw voorkeuren op het gebied van cookies te configureren of opnieuw te configureren: <\/span><a class=\"wt-cli-manage-consent-link\">Cookies configureren<\/a><\/strong><\/p>\n<p>[\/et_pb_text][\/et_pb_column][\/et_pb_row][et_pb_row admin_label=&#8221;newsletter&#8221; module_id=&#8221;newsletter&#8221; _builder_version=&#8221;4.16&#8243; _module_preset=&#8221;default&#8221; custom_padding=&#8221;||70px|||&#8221; sticky_limit_bottom=&#8221;section&#8221; global_colors_info=&#8221;{}&#8221;][et_pb_column type=&#8221;4_4&#8243; _builder_version=&#8221;4.16&#8243; _module_preset=&#8221;default&#8221; global_colors_info=&#8221;{}&#8221;][et_pb_text _builder_version=&#8221;4.18.0&#8243; _module_preset=&#8221;default&#8221; hover_enabled=&#8221;0&#8243; global_colors_info=&#8221;{}&#8221; sticky_enabled=&#8221;0&#8243;]<\/p>\n<p><b>AVG nieuwsbrief<\/b><\/p>\n<p><span style=\"font-weight: 400;\">Op 25 mei 2018 is de Algemene Verordening Gegevensbescherming (AVG) in werking getreden.<\/span><\/p>\n<p><span style=\"font-weight: 400;\">Het doel is om uw persoonlijke gegevens te beschermen, dat wil zeggen alle informatie waarmee u kunt worden ge\u00efdentificeerd.<\/span><\/p>\n<p><span style=\"font-weight: 400;\">U ontvangt deze e-mail omdat u zich momenteel in onze database bevindt.<\/span><\/p>\n<p><span style=\"font-weight: 400;\">Daarom lijkt het ons belangrijk om u te herinneren aan uw rechten.<\/span><\/p>\n<p><span style=\"font-weight: 400;\">Wij verbinden ons ertoe de geldende regelgeving na te leven die van toepassing is op de verwerking van persoonsgegevens en in het bijzonder Verordening (EU) 2016\/679 van het Europees Parlement en de Raad van 27-04-2016 (RGPD).<\/span><\/p>\n<p><span style=\"font-weight: 400;\">We verzamelen en verwerken de identiteitsgegevens en contactgegevens die we ontvangen van onze klanten en elke andere nuttige contactpersoon. De doeleinden van deze verwerking zijn de uitvoering van een overeenkomst, klantenbeheer, boekhouding en directe prospectieactiviteiten, zoals het toesturen van promotionele of commerci\u00eble informatie. De rechtsgronden zijn de uitvoering van een contract, toestemming, naleving van wettelijke en reglementaire verplichtingen en\/of gerechtvaardigd belang.<\/span><\/p>\n<p><span style=\"font-weight: 400;\">Persoonsgegevens worden verwerkt in overeenstemming met de bepalingen van de algemene voorschriften voor gegevensbescherming en worden alleen doorgegeven aan onderaannemers, ontvangers en\/of derden voor zover nodig voor de bovengenoemde doeleinden voor de verwerking.<\/span><\/p>\n<p><span style=\"font-weight: 400;\">Persoonsgegevens worden bewaard en verwerkt voor een periode die noodzakelijk is in functie van de doeleinden van de verwerking en de relatie (al dan niet contractueel) met een maximum van 10 jaar, tenzij er toestemming is om deze periode te verlengen. Klantgegevens worden in ieder geval uiterlijk op 31 december van het zevende jaar na afloop van het contract uit onze systemen verwijderd, tenzij de klant toestemming heeft gegeven voor het bewaren van zijn gegevens, behalve voor persoonsgegevens die wij op grond van specifieke wetgeving voor een langere periode verplicht te bewaren.<\/span><\/p>\n<p><span style=\"font-weight: 400;\">Wij informeren u dat u de volgende rechten heeft:<\/span><\/p>\n<p><span style=\"font-weight: 400;\">Recht op inzage: u heeft het recht om te allen tijde te vragen of uw gegevens zijn verzameld, voor hoe lang en met welk doel.<\/span><\/p>\n<p><span style=\"font-weight: 400;\">Recht op rectificatie: u heeft het recht om te allen tijde op eenvoudig verzoek te vragen dat uw foutieve of onvolledige gegevens worden verbeterd of aangevuld.<\/span><\/p>\n<p><span style=\"font-weight: 400;\">Recht op beperking van de verwerking: u kunt een beperking van de verwerking van uw gegevens aanvragen. Dit betekent dat de betreffende gegevens in ons IT-systeem &#8220;gemarkeerd&#8221; moeten worden en gedurende een bepaalde periode niet meer kunnen worden gebruikt.<\/span><\/p>\n<p><span style=\"font-weight: 400;\">Recht op gegevenswissing (&#8216;recht om vergeten te worden&#8217;): Behoudens de door de wet voorziene uitzonderingen, heeft u het recht om te eisen dat uw gegevens worden gewist. Als u de mogelijkheid voor ons bedrijf om door te gaan met het gebruik van zijn persoonlijke gegevens wilt deactiveren, hoeft u alleen maar op dit bericht te antwoorden.<\/span><\/p>\n<p><span style=\"font-weight: 400;\">Recht op gegevensoverdraagbaarheid: u kunt verzoeken dat uw gegevens naar u worden verzonden in een &#8220;gestructureerd, algemeen gebruikt en machineleesbaar formaat&#8221;.<\/span><\/p>\n<p><span style=\"font-weight: 400;\">Klachtrecht: u kunt een klacht indienen bij de Autoriteit Persoonsgegevens.<\/span><\/p>\n<p><span style=\"font-weight: 400;\">We zetten ons in voor het implementeren van technische en organisatorische maatregelen die een adequaat beveiligingsniveau garanderen om de vertrouwelijkheid van gegevens te beschermen.<\/span><\/p>\n<p><span style=\"font-weight: 400;\">We zullen u op de hoogte stellen van elke inbreuk in verband met persoonsgegevens waarvan we kennis krijgen.<\/span><\/p>\n<p><span style=\"font-weight: 400;\">U bent ook geregistreerd op onze mailinglijst om ons nieuws te ontvangen. Deze lijst bevat uw e-mailadres dat u aan ons heeft verstrekt.<\/span><\/p>\n<p><span style=\"font-weight: 400;\">U hoeft er niets aan te doen. We bewaren uw contactgegevens waardoor we u informatie kunnen meedelen die uitsluitend is gewijd aan onze activiteiten.<\/span><\/p>\n<p><span style=\"font-weight: 400;\">We herinneren u er echter aan dat u uw toestemming voor het ontvangen van onze nieuwsbrieven op elk moment kunt intrekken en uw abonnement kunt opzeggen door op &#8220;uitschrijven&#8221; onderaan de pagina van elke nieuwsbrief te klikken.<\/span><\/p>\n<p><span style=\"font-weight: 400;\">Wij blijven tot uw beschikking voor verdere vragen.<\/span><\/p>\n<p>[\/et_pb_text][\/et_pb_column][\/et_pb_row][\/et_pb_section]<\/p>\n","protected":false},"excerpt":{"rendered":"<p>Respect voor privacyHet bedrijf waarvan de contactgegevens zijn vermeld op de &#8220;contact&#8221; -pagina van de website en de gebruiker die persoonsgegevens aan laatstgenoemde meedeelt, verbinden zich ertoe de geldende regelgeving na te leven die van toepassing is op de verwerking van persoonsgegevens en in het bijzonder de verordening (EU ) 2016\/679 van het Europees Parlement en de Raad van 27\/04\/2016 (AVG). Het Bedrijf verzamelt en verwerkt de identiteitsgegevens en contactgegevens die het van de Gebruiker ontvangt, in het bijzonder via het contactformulier op de website en van elke andere nuttige contactpersoon. De doeleinden van deze verwerking zijn het beantwoorden van vragen van de Gebruiker, het uitvoeren van een overeenkomst, het beheer van klanten en hun bestellingen, boekhouding en directe prospectieactiviteiten, zoals het toesturen van promotionele of commerci\u00eble informatie. De rechtsgronden zijn de uitvoering van een contract, de toestemming van de Gebruiker, de naleving van wettelijke en reglementaire verplichtingen en\/of het gerechtvaardigd belang van het Bedrijf. De voornoemde persoonsgegevens zullen worden verwerkt in overeenstemming met de bepalingen van de algemene voorschriften inzake gegevensbescherming en zullen, behoudens andere toestemming van de Gebruiker, enkel worden doorgegeven aan onderaannemers, ontvangers en\/of derden voor zover nodig in het kader van het voornoemde doeleinden voor genoemde [&hellip;]<\/p>\n","protected":false},"author":1,"featured_media":0,"parent":0,"menu_order":0,"comment_status":"closed","ping_status":"closed","template":"","meta":{"_et_pb_use_builder":"on","_et_pb_old_content":"<!-- wp:heading -->\r\n<h2>Qui sommes-nous ?<\/h2>\r\n<!-- \/wp:heading -->\r\n\r\n<!-- wp:paragraph -->\r\n<p><strong class=\"privacy-policy-tutorial\">Texte sugg\u00e9r\u00e9 : <\/strong>L\u2019adresse de notre site Web est : https:\/\/aphrodite.mediasee.be.<\/p>\r\n<!-- \/wp:paragraph -->\r\n\r\n<!-- wp:heading -->\r\n<h2>Commentaires<\/h2>\r\n<!-- \/wp:heading -->\r\n\r\n<!-- wp:paragraph -->\r\n<p><strong class=\"privacy-policy-tutorial\">Texte sugg\u00e9r\u00e9 : <\/strong>Quand vous laissez un commentaire sur notre site web, les donn\u00e9es inscrites dans le formulaire de commentaire, mais aussi votre adresse IP et l\u2019agent utilisateur de votre navigateur sont collect\u00e9s pour nous aider \u00e0 la d\u00e9tection des commentaires ind\u00e9sirables.<\/p>\r\n<!-- \/wp:paragraph -->\r\n\r\n<!-- wp:paragraph -->\r\n<p>Une cha\u00eene anonymis\u00e9e cr\u00e9\u00e9e \u00e0 partir de votre adresse de messagerie (\u00e9galement appel\u00e9e hash) peut \u00eatre envoy\u00e9e au service Gravatar pour v\u00e9rifier si vous utilisez ce dernier. Les clauses de confidentialit\u00e9 du service Gravatar sont disponibles ici : https:\/\/automattic.com\/privacy\/. Apr\u00e8s validation de votre commentaire, votre photo de profil sera visible publiquement \u00e0 cot\u00e9 de votre commentaire.<\/p>\r\n<!-- \/wp:paragraph -->\r\n\r\n<!-- wp:heading -->\r\n<h2>M\u00e9dias<\/h2>\r\n<!-- \/wp:heading -->\r\n\r\n<!-- wp:paragraph -->\r\n<p><strong class=\"privacy-policy-tutorial\">Texte sugg\u00e9r\u00e9 : <\/strong>Si vous \u00eates un utilisateur ou une utilisatrice enregistr\u00e9\u00b7e et que vous t\u00e9l\u00e9versez des images sur le site web, nous vous conseillons d\u2019\u00e9viter de t\u00e9l\u00e9verser des images contenant des donn\u00e9es EXIF de coordonn\u00e9es GPS. Les visiteurs de votre site web peuvent t\u00e9l\u00e9charger et extraire des donn\u00e9es de localisation depuis ces images.<\/p>\r\n<!-- \/wp:paragraph -->\r\n\r\n<!-- wp:heading -->\r\n<h2>Cookies<\/h2>\r\n<!-- \/wp:heading -->\r\n\r\n<!-- wp:paragraph -->\r\n<p><strong class=\"privacy-policy-tutorial\">Texte sugg\u00e9r\u00e9 : <\/strong>Si vous d\u00e9posez un commentaire sur notre site, il vous sera propos\u00e9 d\u2019enregistrer votre nom, adresse de messagerie et site web dans des cookies. C\u2019est uniquement pour votre confort afin de ne pas avoir \u00e0 saisir ces informations si vous d\u00e9posez un autre commentaire plus tard. Ces cookies expirent au bout d\u2019un an.<\/p>\r\n<!-- \/wp:paragraph -->\r\n\r\n<!-- wp:paragraph -->\r\n<p>Si vous vous rendez sur la page de connexion, un cookie temporaire sera cr\u00e9\u00e9 afin de d\u00e9terminer si votre navigateur accepte les cookies. Il ne contient pas de donn\u00e9es personnelles et sera supprim\u00e9 automatiquement \u00e0 la fermeture de votre navigateur.<\/p>\r\n<!-- \/wp:paragraph -->\r\n\r\n<!-- wp:paragraph -->\r\n<p>Lorsque vous vous connecterez, nous mettrons en place un certain nombre de cookies pour enregistrer vos informations de connexion et vos pr\u00e9f\u00e9rences d\u2019\u00e9cran. La dur\u00e9e de vie d\u2019un cookie de connexion est de deux jours, celle d\u2019un cookie d\u2019option d\u2019\u00e9cran est d\u2019un an. Si vous cochez \u00ab Se souvenir de moi \u00bb, votre cookie de connexion sera conserv\u00e9 pendant deux semaines. Si vous vous d\u00e9connectez de votre compte, le cookie de connexion sera effac\u00e9.<\/p>\r\n<!-- \/wp:paragraph -->\r\n\r\n<!-- wp:paragraph -->\r\n<p>En modifiant ou en publiant une publication, un cookie suppl\u00e9mentaire sera enregistr\u00e9 dans votre navigateur. Ce cookie ne comprend aucune donn\u00e9e personnelle. Il indique simplement l\u2019ID de la publication que vous venez de modifier. Il expire au bout d\u2019un jour.<\/p>\r\n<!-- \/wp:paragraph -->\r\n\r\n<!-- wp:heading -->\r\n<h2>Contenu embarqu\u00e9 depuis d\u2019autres sites<\/h2>\r\n<!-- \/wp:heading -->\r\n\r\n<!-- wp:paragraph -->\r\n<p><strong class=\"privacy-policy-tutorial\">Texte sugg\u00e9r\u00e9 : <\/strong>Les articles de ce site peuvent inclure des contenus int\u00e9gr\u00e9s (par exemple des vid\u00e9os, images, articles\u2026). Le contenu int\u00e9gr\u00e9 depuis d\u2019autres sites se comporte de la m\u00eame mani\u00e8re que si le visiteur se rendait sur cet autre site.<\/p>\r\n<!-- \/wp:paragraph -->\r\n\r\n<!-- wp:paragraph -->\r\n<p>Ces sites web pourraient collecter des donn\u00e9es sur vous, utiliser des cookies, embarquer des outils de suivis tiers, suivre vos interactions avec ces contenus embarqu\u00e9s si vous disposez d\u2019un compte connect\u00e9 sur leur site web.<\/p>\r\n<!-- \/wp:paragraph -->\r\n\r\n<!-- wp:heading -->\r\n<h2>Utilisation et transmission de vos donn\u00e9es personnelles<\/h2>\r\n<!-- \/wp:heading -->\r\n\r\n<!-- wp:paragraph -->\r\n<p><strong class=\"privacy-policy-tutorial\">Texte sugg\u00e9r\u00e9 : <\/strong>Si vous demandez une r\u00e9initialisation de votre mot de passe, votre adresse IP sera incluse dans l\u2019e-mail de r\u00e9initialisation.<\/p>\r\n<!-- \/wp:paragraph -->\r\n\r\n<!-- wp:heading -->\r\n<h2>Dur\u00e9es de stockage de vos donn\u00e9es<\/h2>\r\n<!-- \/wp:heading -->\r\n\r\n<!-- wp:paragraph -->\r\n<p><strong class=\"privacy-policy-tutorial\">Texte sugg\u00e9r\u00e9 : <\/strong>Si vous laissez un commentaire, le commentaire et ses m\u00e9tadonn\u00e9es sont conserv\u00e9s ind\u00e9finiment. Cela permet de reconna\u00eetre et approuver automatiquement les commentaires suivants au lieu de les laisser dans la file de mod\u00e9ration.<\/p>\r\n<!-- \/wp:paragraph -->\r\n\r\n<!-- wp:paragraph -->\r\n<p>Pour les utilisateurs et utilisatrices qui s\u2019enregistrent sur notre site (si cela est possible), nous stockons \u00e9galement les donn\u00e9es personnelles indiqu\u00e9es dans leur profil. Tous les utilisateurs et utilisatrices peuvent voir, modifier ou supprimer leurs informations personnelles \u00e0 tout moment (\u00e0 l\u2019exception de leur nom d\u2019utilisateur\u00b7ice). Les gestionnaires du site peuvent aussi voir et modifier ces informations.<\/p>\r\n<!-- \/wp:paragraph -->\r\n\r\n<!-- wp:heading -->\r\n<h2>Les droits que vous avez sur vos donn\u00e9es<\/h2>\r\n<!-- \/wp:heading -->\r\n\r\n<!-- wp:paragraph -->\r\n<p><strong class=\"privacy-policy-tutorial\">Texte sugg\u00e9r\u00e9 : <\/strong>Si vous avez un compte ou si vous avez laiss\u00e9 des commentaires sur le site, vous pouvez demander \u00e0 recevoir un fichier contenant toutes les donn\u00e9es personnelles que nous poss\u00e9dons \u00e0 votre sujet, incluant celles que vous nous avez fournies. Vous pouvez \u00e9galement demander la suppression des donn\u00e9es personnelles vous concernant. Cela ne prend pas en compte les donn\u00e9es stock\u00e9es \u00e0 des fins administratives, l\u00e9gales ou pour des raisons de s\u00e9curit\u00e9.<\/p>\r\n<!-- \/wp:paragraph -->\r\n\r\n<!-- wp:heading -->\r\n<h2>Transmission de vos donn\u00e9es personnelles<\/h2>\r\n<!-- \/wp:heading -->\r\n\r\n<!-- wp:paragraph -->\r\n<p><strong class=\"privacy-policy-tutorial\">Texte sugg\u00e9r\u00e9 : <\/strong>Les commentaires des visiteurs peuvent \u00eatre v\u00e9rifi\u00e9s \u00e0 l\u2019aide d\u2019un service automatis\u00e9 de d\u00e9tection des commentaires ind\u00e9sirables.<\/p>\r\n<!-- \/wp:paragraph -->","_et_gb_content_width":"","footnotes":""},"class_list":["post-237594","page","type-page","status-publish","hentry"],"_links":{"self":[{"href":"https:\/\/www.espace43.be\/nl\/wp-json\/wp\/v2\/pages\/237594","targetHints":{"allow":["GET"]}}],"collection":[{"href":"https:\/\/www.espace43.be\/nl\/wp-json\/wp\/v2\/pages"}],"about":[{"href":"https:\/\/www.espace43.be\/nl\/wp-json\/wp\/v2\/types\/page"}],"author":[{"embeddable":true,"href":"https:\/\/www.espace43.be\/nl\/wp-json\/wp\/v2\/users\/1"}],"replies":[{"embeddable":true,"href":"https:\/\/www.espace43.be\/nl\/wp-json\/wp\/v2\/comments?post=237594"}],"version-history":[{"count":0,"href":"https:\/\/www.espace43.be\/nl\/wp-json\/wp\/v2\/pages\/237594\/revisions"}],"wp:attachment":[{"href":"https:\/\/www.espace43.be\/nl\/wp-json\/wp\/v2\/media?parent=237594"}],"curies":[{"name":"wp","href":"https:\/\/api.w.org\/{rel}","templated":true}]}}